{"id":352,"date":"2024-09-11T17:00:56","date_gmt":"2024-09-11T15:00:56","guid":{"rendered":"https:\/\/autismusinfo.com\/?page_id=352"},"modified":"2025-09-27T11:25:49","modified_gmt":"2025-09-27T09:25:49","slug":"beratung-privatpersonen","status":"publish","type":"page","link":"https:\/\/autismusinfo.com\/da\/beratung-privatpersonen\/","title":{"rendered":"R\u00e5dgivning for privatpersoner"},"content":{"rendered":"<section class=\"bde-section-352-100 bde-section\">\n  \n  \n\t\n\n\n\n<div class=\"section-container\"><div class=\"bde-rich-text-352-101 bde-rich-text breakdance-rich-text-styles\">\n<p>Har du eller nogen af dine n\u00e6rmeste autisme eller ADHD og brug for hj\u00e6lp til at klare udfordringer? Jeg er her for dig og vil med gl\u00e6de st\u00f8tte dig i at finde l\u00f8sninger.<\/p>\n<\/div><div class=\"bde-rich-text-352-102 bde-rich-text breakdance-rich-text-styles\">\n<h1>Ydelser for privatpersoner<\/h1>\n<ul>\n<li>R\u00e5dgivning til personer med autisme og ADHD, inklusive sent diagnosticerede voksne<\/li>\n<li>R\u00e5dgivning til p\u00e5r\u00f8rende<\/li>\n<li>R\u00e5dgivning for hele \u201dsystemet\u201d (familie, arbejdsplads, skole), efter aftale med dig<\/li>\n<li>R\u00e5dgivning til l\u00e6rere, fagfolk inden for psykologi, pleje og st\u00f8tte samt kuratorer<\/li>\n<li>Peer-Gespr\u00e4che in Zusammenarbeit mit Peer-Genesungsbegleitung Claudia Rohner.<\/li>\n<\/ul>\n<\/div><div class=\"bde-rich-text-352-103 bde-rich-text breakdance-rich-text-styles\">\n<h1>Hvordan foreg\u00e5r coaching hos mig?<\/h1><p>Coaching kan foreg\u00e5 efter dit \u00f8nske: via videoopkald, telefon, chat eller e-mail.<\/p>\n<\/div><div class=\"bde-rich-text-352-104 bde-rich-text breakdance-rich-text-styles\">\n<h1>Hvad jeg ikke tilbyder<\/h1><p>Personlig r\u00e5dgivning, hvor klienter skal komme til mig og sidde i et lukket rum, da denne type r\u00e5dgivning efter min erfaring kan v\u00e6re meget stressende for personer med autisme eller ADHD og derfor ikke er egnet. Hvis ingen af de ovenn\u00e6vnte metoder fungerer for dig, kan vi gerne tale om dine behov for en tryg og rar r\u00e5dgivningssituation og finde en l\u00f8sning sammen.<\/p>\n<\/div><div class=\"bde-rich-text-352-105 bde-rich-text breakdance-rich-text-styles\">\n<h1>Priser:<\/h1>\n<p>Konsultation via videoopkald\/telefon: CHF 120.\u2013\/time\nKonsultation via e-mail\/chat: CHF 90.\u2013\/time<\/p>\n<p>Beratung per E-Mail\/Chat: CHF 90.\u2013\/Stunde<\/p>\n<p>Peer-Gespr\u00e4che (Claudia Rohner): CHF 75.\u2013\/Stunde<\/p>\n<p>\u00a0<\/p>\n<p><strong>Kontakt og aftaler:<\/strong> <a href=\"mailto:kontakt@autismusinfo.com\">kontakt@autismusinfo.com<\/a><\/p>\n<\/div><div class=\"bde-rich-text-352-106 bde-rich-text breakdance-rich-text-styles\">\n<h1>Disclaimer<\/h1><p>Coaching og r\u00e5dgivning kan ikke erstatte en diagnose eller behandling hos en l\u00e6ge, psykolog eller psykiater. Der stilles ingen diagnose, og der gives ingen behandling eller terapi under coachingen.<\/p><p>Hvis du i \u00f8jeblikket er i medicinsk eller psykoterapeutisk behandling eller tager medicin, bedes du konsultere din l\u00e6ge, f\u00f8r du begynder p\u00e5 coaching. Alle personer, der modtager coaching af mig, er fuldt ansvarlige for deres handlinger, beslutninger og mentale sundhed.<\/p>\n<\/div><\/div>\n<\/section>","protected":false},"excerpt":{"rendered":"<p>Sind Sie selbst oder eine nahestehende Person von Autismus oder ADHS betroffen und ben\u00f6tigen Hilfe beim Bew\u00e4ltigen von Herausforderungen? Ich bin f\u00fcr Sie da und begleite Sie gerne bei Ihrer L\u00f6sungsfindung. Leistungen f\u00fcr Privatpersonen Beratung f\u00fcr Betroffene, auch sp\u00e4t diagnostizierte Erwachsene Beratung f\u00fcr Angeh\u00f6rige Beratung f\u00fcr das gesamte Umfeld (Familie, Arbeitsstelle, Schule) in Absprache mit [&hellip;]<\/p>\n","protected":false},"author":2,"featured_media":0,"parent":0,"menu_order":0,"comment_status":"closed","ping_status":"closed","template":"","meta":{"_breakdance_hide_in_design_set":false,"_breakdance_tags":"","footnotes":""},"class_list":["post-352","page","type-page","status-publish","hentry"],"post_mailing_queue_ids":[],"_links":{"self":[{"href":"https:\/\/autismusinfo.com\/da\/wp-json\/wp\/v2\/pages\/352","targetHints":{"allow":["GET"]}}],"collection":[{"href":"https:\/\/autismusinfo.com\/da\/wp-json\/wp\/v2\/pages"}],"about":[{"href":"https:\/\/autismusinfo.com\/da\/wp-json\/wp\/v2\/types\/page"}],"author":[{"embeddable":true,"href":"https:\/\/autismusinfo.com\/da\/wp-json\/wp\/v2\/users\/2"}],"replies":[{"embeddable":true,"href":"https:\/\/autismusinfo.com\/da\/wp-json\/wp\/v2\/comments?post=352"}],"version-history":[{"count":7,"href":"https:\/\/autismusinfo.com\/da\/wp-json\/wp\/v2\/pages\/352\/revisions"}],"predecessor-version":[{"id":761,"href":"https:\/\/autismusinfo.com\/da\/wp-json\/wp\/v2\/pages\/352\/revisions\/761"}],"wp:attachment":[{"href":"https:\/\/autismusinfo.com\/da\/wp-json\/wp\/v2\/media?parent=352"}],"curies":[{"name":"wp","href":"https:\/\/api.w.org\/{rel}","templated":true}]}}